{"id":1092,"date":"2023-08-03T09:41:40","date_gmt":"2023-08-03T09:41:40","guid":{"rendered":"https:\/\/victorwetzel.fr\/?page_id=1092"},"modified":"2024-04-28T19:43:26","modified_gmt":"2024-04-28T19:43:26","slug":"pedagogie","status":"publish","type":"page","link":"https:\/\/victorwetzel.fr\/?page_id=1092","title":{"rendered":"Enseignements"},"content":{"rendered":"\n<p>Projets p\u00e9dagogiques<\/p>\n\n\n<ul class=\"wp-block-latest-posts__list wp-block-latest-posts\"><li><div class=\"wp-block-latest-posts__featured-image alignleft\"><a href=\"https:\/\/victorwetzel.fr\/?p=1320\" aria-label=\"Jeux : petite symphonie olympique\"><img loading=\"lazy\" decoding=\"async\" width=\"150\" height=\"150\" src=\"https:\/\/victorwetzel.fr\/wp-content\/uploads\/2024\/04\/illu-college-mozart-150x150.jpg\" class=\"attachment-thumbnail size-thumbnail wp-post-image\" alt=\"\" style=\"max-width:150px;max-height:150px;\" \/><\/a><\/div><a class=\"wp-block-latest-posts__post-title\" href=\"https:\/\/victorwetzel.fr\/?p=1320\">Jeux : petite symphonie olympique<\/a><div class=\"wp-block-latest-posts__post-excerpt\">Page d\u00e9di\u00e9e sur le site de l&rsquo;Orchestre de chambre de Paris. Un projet p\u00e9dagogique men\u00e9 avec les 5e A du coll\u00e8ge Mozart \u00e0 Paris et l&rsquo;Orchestre de chambre de Paris. L&rsquo;\u00e9quipe encadrante \u00e9tait compos\u00e9e de Paola Alvil\u00e8s (compositrice), Paul Ramage (compositeur) et moi-m\u00eame ; \u00c9tienne C\u00f4me, enseignant de musique ; Stephie Souppaya (alto), Guillaume Pierlot\u2026 <a class=\"wp-block-latest-posts__read-more\" href=\"https:\/\/victorwetzel.fr\/?p=1320\" rel=\"noopener noreferrer\">Lire la suite<span class=\"screen-reader-text\">\u00a0: Jeux : petite symphonie olympique<\/span><\/a><\/div><\/li>\n<li><div class=\"wp-block-latest-posts__featured-image alignleft\"><a href=\"https:\/\/victorwetzel.fr\/?p=1103\" aria-label=\"Atelier d\u00e9couvert \u00ab\u00a0Histoire des musiques \u00e9lectroacoustiques\u00a0\u00bb\"><img loading=\"lazy\" decoding=\"async\" width=\"150\" height=\"150\" src=\"https:\/\/victorwetzel.fr\/wp-content\/uploads\/2023\/08\/IMG20230602111616-150x150.jpg\" class=\"attachment-thumbnail size-thumbnail wp-post-image\" alt=\"\" style=\"max-width:150px;max-height:150px;\" \/><\/a><\/div><a class=\"wp-block-latest-posts__post-title\" href=\"https:\/\/victorwetzel.fr\/?p=1103\">Atelier d\u00e9couvert \u00ab\u00a0Histoire des musiques \u00e9lectroacoustiques\u00a0\u00bb<\/a><div class=\"wp-block-latest-posts__post-excerpt\">Cet atelier a \u00e9t\u00e9 men\u00e9 \u00e0 la m\u00e9diath\u00e8que ludoth\u00e8que de Sucy-en-Brie le 2 juin 2023. Le but \u00e9tait, en une heure, d&rsquo;\u00e9veiller les \u00e9l\u00e8ves des classes SEGPA de 5\u00e8me et 4\u00e8me \u00e0 l&rsquo;\u00e9mergence des pratiques et musiques \u00e9lectroacoustiques. Au programme, d\u00e9couverte des instruments du mouvement italien bruitiste, des premiers instruments \u00e9lectroacoustiques, et beaucoup d&rsquo;extraits de\u2026 <a class=\"wp-block-latest-posts__read-more\" href=\"https:\/\/victorwetzel.fr\/?p=1103\" rel=\"noopener noreferrer\">Lire la suite<span class=\"screen-reader-text\">\u00a0: Atelier d\u00e9couvert \u00ab\u00a0Histoire des musiques \u00e9lectroacoustiques\u00a0\u00bb<\/span><\/a><\/div><\/li>\n<li><div class=\"wp-block-latest-posts__featured-image alignleft\"><a href=\"https:\/\/victorwetzel.fr\/?p=1095\" aria-label=\"Sinfonia Villette\"><img loading=\"lazy\" decoding=\"async\" width=\"150\" height=\"150\" src=\"https:\/\/victorwetzel.fr\/wp-content\/uploads\/2023\/08\/Screenshot-2023-08-03-at-11.48.29-150x150.png\" class=\"attachment-thumbnail size-thumbnail wp-post-image\" alt=\"\" style=\"max-width:150px;max-height:150px;\" \/><\/a><\/div><a class=\"wp-block-latest-posts__post-title\" href=\"https:\/\/victorwetzel.fr\/?p=1095\">Sinfonia Villette<\/a><div class=\"wp-block-latest-posts__post-excerpt\">Pour la troisi\u00e8me ann\u00e9e cons\u00e9cutive, l\u2019Orchestre de chambre de Paris propose \u00e0 un compositeur d\u2019imaginer un parcours de cr\u00e9ation musicale avec les \u00e9l\u00e8ves d\u2019une classe de 5\u00e8me du coll\u00e8ge Mozart. L\u2019occasion pour les jeunes de se familiariser avec l\u2019univers de la cr\u00e9ation contemporaine et de prendre part \u00e0 l\u2019\u00e9criture d\u2019une \u0153uvre collective. Cette ann\u00e9e, les\u2026 <a class=\"wp-block-latest-posts__read-more\" href=\"https:\/\/victorwetzel.fr\/?p=1095\" rel=\"noopener noreferrer\">Lire la suite<span class=\"screen-reader-text\">\u00a0: Sinfonia Villette<\/span><\/a><\/div><\/li>\n<\/ul>","protected":false},"excerpt":{"rendered":"<p>Projets p\u00e9dagogiques<\/p>\n","protected":false},"author":1,"featured_media":0,"parent":0,"menu_order":0,"comment_status":"closed","ping_status":"closed","template":"","meta":{"material-hide-sections":[],"footnotes":""},"class_list":["post-1092","page","type-page","status-publish","hentry"],"aioseo_notices":[],"jetpack_sharing_enabled":true,"_links":{"self":[{"href":"https:\/\/victorwetzel.fr\/index.php?rest_route=\/wp\/v2\/pages\/1092","targetHints":{"allow":["GET"]}}],"collection":[{"href":"https:\/\/victorwetzel.fr\/index.php?rest_route=\/wp\/v2\/pages"}],"about":[{"href":"https:\/\/victorwetzel.fr\/index.php?rest_route=\/wp\/v2\/types\/page"}],"author":[{"embeddable":true,"href":"https:\/\/victorwetzel.fr\/index.php?rest_route=\/wp\/v2\/users\/1"}],"replies":[{"embeddable":true,"href":"https:\/\/victorwetzel.fr\/index.php?rest_route=%2Fwp%2Fv2%2Fcomments&post=1092"}],"version-history":[{"count":5,"href":"https:\/\/victorwetzel.fr\/index.php?rest_route=\/wp\/v2\/pages\/1092\/revisions"}],"predecessor-version":[{"id":1351,"href":"https:\/\/victorwetzel.fr\/index.php?rest_route=\/wp\/v2\/pages\/1092\/revisions\/1351"}],"wp:attachment":[{"href":"https:\/\/victorwetzel.fr\/index.php?rest_route=%2Fwp%2Fv2%2Fmedia&parent=1092"}],"curies":[{"name":"wp","href":"https:\/\/api.w.org\/{rel}","templated":true}]}}